{"id":19699,"date":"2024-03-20T13:19:42","date_gmt":"2024-03-20T12:19:42","guid":{"rendered":"https:\/\/ateliermodulo.fr\/product\/aero\/"},"modified":"2024-08-05T12:03:40","modified_gmt":"2024-08-05T10:03:40","slug":"aero","status":"publish","type":"product","link":"https:\/\/ateliermodulo.fr\/ro\/produs\/aero\/","title":{"rendered":"AERO"},"content":{"rendered":"<p>Aero transcende obi\u0219nuitul, oferind un element de design dinamic care eman\u0103 elegan\u021b\u0103 \u00een fiecare curb\u0103. Inspirat de fluiditatea \u0219i gra\u021bia formelor aerodinamice, Aero este un testament al frumuse\u021bii mi\u0219c\u0103rii capturate \u00een piatr\u0103. Contururile sale elegante \u0219i designul inovator ofer\u0103 un sentiment de impuls \u00eenainte, f\u0103c\u00e2ndu-l alegerea perfect\u0103 pentru cei care caut\u0103 o not\u0103 de sofisticare contemporan\u0103 \u00een spa\u021biile lor.<\/p>\n","protected":false},"excerpt":{"rendered":"<p>Aero transcende obi\u0219nuitul, oferind un element de design dinamic care eman\u0103 elegan\u021b\u0103 \u00een fiecare curb\u0103. Inspirat de fluiditatea \u0219i gra\u021bia formelor aerodinamice, Aero este un testament al frumuse\u021bii mi\u0219c\u0103rii capturate \u00een piatr\u0103. Contururile sale elegante \u0219i designul inovator ofer\u0103 un sentiment de impuls \u00eenainte, f\u0103c\u00e2ndu-l alegerea perfect\u0103 pentru cei care caut\u0103 o not\u0103 de sofisticare [&hellip;]<\/p>\n","protected":false},"featured_media":20031,"template":"","meta":[],"product_brand":[],"product_cat":[156,1314,1298],"product_tag":[668],"class_list":{"0":"post-19699","1":"product","2":"type-product","3":"status-publish","4":"has-post-thumbnail","6":"product_cat-doar-interior","7":"product_cat-in-productie","8":"product_cat-piatra-decorativa","9":"product_tag-3d","10":"pa_color-alb","11":"pa_coverage-per-box-0p48-m2","12":"pa_installation-fara-chit-de-rost","13":"pa_m-classification-necombustibil","14":"pa_material-ipsos-compozit","15":"pa_reaction-to-fire-clasa-a1","16":"pa_shape-petala","18":"first","19":"instock","20":"shipping-taxable","21":"product-type-simple"},"yoast_head":"<title>AERO | AtelierModulo<\/title>\n<meta name=\"robots\" content=\"index, follow, max-snippet:-1, max-image-preview:large, max-video-preview:-1\" \/>\n<link rel=\"canonical\" href=\"https:\/\/ateliermodulo.fr\/ro\/produs\/aero\/\" \/>\n<meta property=\"og:locale\" content=\"ro_RO\" \/>\n<meta property=\"og:type\" content=\"article\" \/>\n<meta property=\"og:title\" content=\"AERO | AtelierModulo\" \/>\n<meta property=\"og:description\" content=\"Aero transcende obi\u0219nuitul, oferind un element de design dinamic care eman\u0103 elegan\u021b\u0103 \u00een fiecare curb\u0103. Inspirat de fluiditatea \u0219i gra\u021bia formelor aerodinamice, Aero este un testament al frumuse\u021bii mi\u0219c\u0103rii capturate \u00een piatr\u0103. Contururile sale elegante \u0219i designul inovator ofer\u0103 un sentiment de impuls \u00eenainte, f\u0103c\u00e2ndu-l alegerea perfect\u0103 pentru cei care caut\u0103 o not\u0103 de sofisticare [&hellip;]\" \/>\n<meta property=\"og:url\" content=\"https:\/\/ateliermodulo.fr\/ro\/produs\/aero\/\" \/>\n<meta property=\"og:site_name\" content=\"AtelierModulo\" \/>\n<meta property=\"article:publisher\" content=\"https:\/\/www.facebook.com\/modulostones\/\" \/>\n<meta property=\"article:modified_time\" content=\"2024-08-05T10:03:40+00:00\" \/>\n<meta property=\"og:image\" content=\"https:\/\/ateliermodulo.fr\/wp-content\/uploads\/aero-ambiance-2024vb-1-2000x2000-1.jpg\" \/>\n\t<meta property=\"og:image:width\" content=\"2000\" \/>\n\t<meta property=\"og:image:height\" content=\"2000\" \/>\n\t<meta property=\"og:image:type\" content=\"image\/jpeg\" \/>\n<meta name=\"twitter:card\" content=\"summary_large_image\" \/>","yoast_head_json":{"title":"AERO | AtelierModulo","robots":{"index":"index","follow":"follow","max-snippet":"max-snippet:-1","max-image-preview":"max-image-preview:large","max-video-preview":"max-video-preview:-1"},"canonical":"https:\/\/ateliermodulo.fr\/ro\/produs\/aero\/","og_locale":"ro_RO","og_type":"article","og_title":"AERO | AtelierModulo","og_description":"Aero transcende obi\u0219nuitul, oferind un element de design dinamic care eman\u0103 elegan\u021b\u0103 \u00een fiecare curb\u0103. Inspirat de fluiditatea \u0219i gra\u021bia formelor aerodinamice, Aero este un testament al frumuse\u021bii mi\u0219c\u0103rii capturate \u00een piatr\u0103. Contururile sale elegante \u0219i designul inovator ofer\u0103 un sentiment de impuls \u00eenainte, f\u0103c\u00e2ndu-l alegerea perfect\u0103 pentru cei care caut\u0103 o not\u0103 de sofisticare [&hellip;]","og_url":"https:\/\/ateliermodulo.fr\/ro\/produs\/aero\/","og_site_name":"AtelierModulo","article_publisher":"https:\/\/www.facebook.com\/modulostones\/","article_modified_time":"2024-08-05T10:03:40+00:00","og_image":[{"width":2000,"height":2000,"url":"https:\/\/ateliermodulo.fr\/wp-content\/uploads\/aero-ambiance-2024vb-1-2000x2000-1.jpg","type":"image\/jpeg"}],"twitter_card":"summary_large_image","schema":{"@context":"https:\/\/schema.org","@graph":[{"@type":"WebPage","@id":"https:\/\/ateliermodulo.fr\/ro\/produs\/aero\/","url":"https:\/\/ateliermodulo.fr\/ro\/produs\/aero\/","name":"AERO | AtelierModulo","isPartOf":{"@id":"https:\/\/ateliermodulo.fr\/ro\/#website"},"primaryImageOfPage":{"@id":"https:\/\/ateliermodulo.fr\/ro\/produs\/aero\/#primaryimage"},"image":{"@id":"https:\/\/ateliermodulo.fr\/ro\/produs\/aero\/#primaryimage"},"thumbnailUrl":"https:\/\/ateliermodulo.fr\/wp-content\/uploads\/aero-ambiance-2024vb-1-2000x2000-1.jpg","datePublished":"2024-03-20T12:19:42+00:00","dateModified":"2024-08-05T10:03:40+00:00","breadcrumb":{"@id":"https:\/\/ateliermodulo.fr\/ro\/produs\/aero\/#breadcrumb"},"inLanguage":"ro-RO","potentialAction":[{"@type":"ReadAction","target":["https:\/\/ateliermodulo.fr\/ro\/produs\/aero\/"]}]},{"@type":"ImageObject","inLanguage":"ro-RO","@id":"https:\/\/ateliermodulo.fr\/ro\/produs\/aero\/#primaryimage","url":"https:\/\/ateliermodulo.fr\/wp-content\/uploads\/aero-ambiance-2024vb-1-2000x2000-1.jpg","contentUrl":"https:\/\/ateliermodulo.fr\/wp-content\/uploads\/aero-ambiance-2024vb-1-2000x2000-1.jpg","width":2000,"height":2000},{"@type":"BreadcrumbList","@id":"https:\/\/ateliermodulo.fr\/ro\/produs\/aero\/#breadcrumb","itemListElement":[{"@type":"ListItem","position":1,"name":"Home","item":"https:\/\/ateliermodulo.fr\/ro\/"},{"@type":"ListItem","position":2,"name":"Produse","item":"https:\/\/ateliermodulo.fr\/products\/"},{"@type":"ListItem","position":3,"name":"AERO"}]},{"@type":"WebSite","@id":"https:\/\/ateliermodulo.fr\/ro\/#website","url":"https:\/\/ateliermodulo.fr\/ro\/","name":"AtelierModulo","description":"Since the 1980\u2019s, frequently copied, never surpassed","publisher":{"@id":"https:\/\/ateliermodulo.fr\/ro\/#organization"},"potentialAction":[{"@type":"SearchAction","target":{"@type":"EntryPoint","urlTemplate":"https:\/\/ateliermodulo.fr\/ro\/?s={search_term_string}"},"query-input":{"@type":"PropertyValueSpecification","valueRequired":true,"valueName":"search_term_string"}}],"inLanguage":"ro-RO"},{"@type":"Organization","@id":"https:\/\/ateliermodulo.fr\/ro\/#organization","name":"Modulo Decorative Solutions","url":"https:\/\/ateliermodulo.fr\/ro\/","logo":{"@type":"ImageObject","inLanguage":"ro-RO","@id":"https:\/\/ateliermodulo.fr\/ro\/#\/schema\/logo\/image\/","url":"https:\/\/ateliermodulo.fr\/wp-content\/uploads\/MODULO-Logo-Color-1000x245-1.png","contentUrl":"https:\/\/ateliermodulo.fr\/wp-content\/uploads\/MODULO-Logo-Color-1000x245-1.png","width":1000,"height":245,"caption":"Modulo Decorative Solutions"},"image":{"@id":"https:\/\/ateliermodulo.fr\/ro\/#\/schema\/logo\/image\/"},"sameAs":["https:\/\/www.facebook.com\/modulostones\/"]}]}},"_links":{"self":[{"href":"https:\/\/ateliermodulo.fr\/ro\/wp-json\/wp\/v2\/product\/19699","targetHints":{"allow":["GET"]}}],"collection":[{"href":"https:\/\/ateliermodulo.fr\/ro\/wp-json\/wp\/v2\/product"}],"about":[{"href":"https:\/\/ateliermodulo.fr\/ro\/wp-json\/wp\/v2\/types\/product"}],"wp:featuredmedia":[{"embeddable":true,"href":"https:\/\/ateliermodulo.fr\/ro\/wp-json\/wp\/v2\/media\/20031"}],"wp:attachment":[{"href":"https:\/\/ateliermodulo.fr\/ro\/wp-json\/wp\/v2\/media?parent=19699"}],"wp:term":[{"taxonomy":"product_brand","embeddable":true,"href":"https:\/\/ateliermodulo.fr\/ro\/wp-json\/wp\/v2\/product_brand?post=19699"},{"taxonomy":"product_cat","embeddable":true,"href":"https:\/\/ateliermodulo.fr\/ro\/wp-json\/wp\/v2\/product_cat?post=19699"},{"taxonomy":"product_tag","embeddable":true,"href":"https:\/\/ateliermodulo.fr\/ro\/wp-json\/wp\/v2\/product_tag?post=19699"}],"curies":[{"name":"wp","href":"https:\/\/api.w.org\/{rel}","templated":true}]}}