{"id":19097,"date":"2023-11-24T14:02:16","date_gmt":"2023-11-24T13:02:16","guid":{"rendered":"https:\/\/ateliermodulo.fr\/product\/woodyteck-classic\/"},"modified":"2024-03-05T13:21:51","modified_gmt":"2024-03-05T12:21:51","slug":"woodyteck-classic","status":"publish","type":"product","link":"https:\/\/ateliermodulo.fr\/ro\/produs\/woodyteck-classic\/","title":{"rendered":"Woodyteck Classic"},"content":{"rendered":"<p>Woodyteck Classic surprinde farmecul atemporal al granulei de lemn organic, amestec\u00e2nd cu elegan\u021b\u0103 frumuse\u021bea naturii cu rafinamentul arhitectural. Perfect pentru at\u00e2t pentru set\u0103rile interioare, c\u00e2t \u0219i pentru cele exterioare. Acest design te transport\u0103 \u00een peisaje seren, cre\u00e2nd o ambian\u021b\u0103 armonioas\u0103.<\/p>\n","protected":false},"excerpt":{"rendered":"<p>Woodyteck Classic surprinde farmecul atemporal al granulei de lemn organic, amestec\u00e2nd cu elegan\u021b\u0103 frumuse\u021bea naturii cu rafinamentul arhitectural. Perfect pentru at\u00e2t pentru set\u0103rile interioare, c\u00e2t \u0219i pentru cele exterioare. Acest design te transport\u0103 \u00een peisaje seren, cre\u00e2nd o ambian\u021b\u0103 armonioas\u0103.<\/p>\n","protected":false},"featured_media":19088,"template":"","meta":[],"product_brand":[],"product_cat":[161,1314,1298],"product_tag":[174],"class_list":{"0":"post-19097","1":"product","2":"type-product","3":"status-publish","4":"has-post-thumbnail","6":"product_cat-exterior-interior","7":"product_cat-in-productie","8":"product_cat-piatra-decorativa","9":"product_tag-lemn","10":"pa_color-bej","11":"pa_coverage-per-box-0p57-m2","12":"pa_installation-fara-chit-de-rost","13":"pa_m-classification-necombustibil","14":"pa_material-ciment","15":"pa_reaction-to-fire-clasa-a1","16":"pa_shape-forma-z","18":"first","19":"instock","20":"shipping-taxable","21":"product-type-simple"},"yoast_head":"<title>Woodyteck Classic | AtelierModulo<\/title>\n<meta name=\"robots\" content=\"index, follow, max-snippet:-1, max-image-preview:large, max-video-preview:-1\" \/>\n<link rel=\"canonical\" href=\"https:\/\/ateliermodulo.fr\/ro\/produs\/woodyteck-classic\/\" \/>\n<meta property=\"og:locale\" content=\"ro_RO\" \/>\n<meta property=\"og:type\" content=\"article\" \/>\n<meta property=\"og:title\" content=\"Woodyteck Classic | AtelierModulo\" \/>\n<meta property=\"og:description\" content=\"Woodyteck Classic surprinde farmecul atemporal al granulei de lemn organic, amestec\u00e2nd cu elegan\u021b\u0103 frumuse\u021bea naturii cu rafinamentul arhitectural. Perfect pentru at\u00e2t pentru set\u0103rile interioare, c\u00e2t \u0219i pentru cele exterioare. Acest design te transport\u0103 \u00een peisaje seren, cre\u00e2nd o ambian\u021b\u0103 armonioas\u0103.\" \/>\n<meta property=\"og:url\" content=\"https:\/\/ateliermodulo.fr\/ro\/produs\/woodyteck-classic\/\" \/>\n<meta property=\"og:site_name\" content=\"AtelierModulo\" \/>\n<meta property=\"article:publisher\" content=\"https:\/\/www.facebook.com\/modulostones\/\" \/>\n<meta property=\"article:modified_time\" content=\"2024-03-05T12:21:51+00:00\" \/>\n<meta property=\"og:image\" content=\"https:\/\/ateliermodulo.fr\/wp-content\/uploads\/Woodyteck-Ambiance-1-200x1200-1.jpg\" \/>\n\t<meta property=\"og:image:width\" content=\"1200\" \/>\n\t<meta property=\"og:image:height\" content=\"1200\" \/>\n\t<meta property=\"og:image:type\" content=\"image\/jpeg\" \/>\n<meta name=\"twitter:card\" content=\"summary_large_image\" \/>","yoast_head_json":{"title":"Woodyteck Classic | AtelierModulo","robots":{"index":"index","follow":"follow","max-snippet":"max-snippet:-1","max-image-preview":"max-image-preview:large","max-video-preview":"max-video-preview:-1"},"canonical":"https:\/\/ateliermodulo.fr\/ro\/produs\/woodyteck-classic\/","og_locale":"ro_RO","og_type":"article","og_title":"Woodyteck Classic | AtelierModulo","og_description":"Woodyteck Classic surprinde farmecul atemporal al granulei de lemn organic, amestec\u00e2nd cu elegan\u021b\u0103 frumuse\u021bea naturii cu rafinamentul arhitectural. Perfect pentru at\u00e2t pentru set\u0103rile interioare, c\u00e2t \u0219i pentru cele exterioare. Acest design te transport\u0103 \u00een peisaje seren, cre\u00e2nd o ambian\u021b\u0103 armonioas\u0103.","og_url":"https:\/\/ateliermodulo.fr\/ro\/produs\/woodyteck-classic\/","og_site_name":"AtelierModulo","article_publisher":"https:\/\/www.facebook.com\/modulostones\/","article_modified_time":"2024-03-05T12:21:51+00:00","og_image":[{"width":1200,"height":1200,"url":"https:\/\/ateliermodulo.fr\/wp-content\/uploads\/Woodyteck-Ambiance-1-200x1200-1.jpg","type":"image\/jpeg"}],"twitter_card":"summary_large_image","schema":{"@context":"https:\/\/schema.org","@graph":[{"@type":"WebPage","@id":"https:\/\/ateliermodulo.fr\/ro\/produs\/woodyteck-classic\/","url":"https:\/\/ateliermodulo.fr\/ro\/produs\/woodyteck-classic\/","name":"Woodyteck Classic | AtelierModulo","isPartOf":{"@id":"https:\/\/ateliermodulo.fr\/ro\/#website"},"primaryImageOfPage":{"@id":"https:\/\/ateliermodulo.fr\/ro\/produs\/woodyteck-classic\/#primaryimage"},"image":{"@id":"https:\/\/ateliermodulo.fr\/ro\/produs\/woodyteck-classic\/#primaryimage"},"thumbnailUrl":"https:\/\/ateliermodulo.fr\/wp-content\/uploads\/Woodyteck-Ambiance-1-200x1200-1.jpg","datePublished":"2023-11-24T13:02:16+00:00","dateModified":"2024-03-05T12:21:51+00:00","breadcrumb":{"@id":"https:\/\/ateliermodulo.fr\/ro\/produs\/woodyteck-classic\/#breadcrumb"},"inLanguage":"ro-RO","potentialAction":[{"@type":"ReadAction","target":["https:\/\/ateliermodulo.fr\/ro\/produs\/woodyteck-classic\/"]}]},{"@type":"ImageObject","inLanguage":"ro-RO","@id":"https:\/\/ateliermodulo.fr\/ro\/produs\/woodyteck-classic\/#primaryimage","url":"https:\/\/ateliermodulo.fr\/wp-content\/uploads\/Woodyteck-Ambiance-1-200x1200-1.jpg","contentUrl":"https:\/\/ateliermodulo.fr\/wp-content\/uploads\/Woodyteck-Ambiance-1-200x1200-1.jpg","width":1200,"height":1200,"caption":"Woodyteck Classic"},{"@type":"BreadcrumbList","@id":"https:\/\/ateliermodulo.fr\/ro\/produs\/woodyteck-classic\/#breadcrumb","itemListElement":[{"@type":"ListItem","position":1,"name":"Home","item":"https:\/\/ateliermodulo.fr\/ro\/"},{"@type":"ListItem","position":2,"name":"Produse","item":"https:\/\/ateliermodulo.fr\/products\/"},{"@type":"ListItem","position":3,"name":"Woodyteck Classic"}]},{"@type":"WebSite","@id":"https:\/\/ateliermodulo.fr\/ro\/#website","url":"https:\/\/ateliermodulo.fr\/ro\/","name":"AtelierModulo","description":"Since the 1980\u2019s, frequently copied, never surpassed","publisher":{"@id":"https:\/\/ateliermodulo.fr\/ro\/#organization"},"potentialAction":[{"@type":"SearchAction","target":{"@type":"EntryPoint","urlTemplate":"https:\/\/ateliermodulo.fr\/ro\/?s={search_term_string}"},"query-input":{"@type":"PropertyValueSpecification","valueRequired":true,"valueName":"search_term_string"}}],"inLanguage":"ro-RO"},{"@type":"Organization","@id":"https:\/\/ateliermodulo.fr\/ro\/#organization","name":"Modulo Decorative Solutions","url":"https:\/\/ateliermodulo.fr\/ro\/","logo":{"@type":"ImageObject","inLanguage":"ro-RO","@id":"https:\/\/ateliermodulo.fr\/ro\/#\/schema\/logo\/image\/","url":"https:\/\/ateliermodulo.fr\/wp-content\/uploads\/MODULO-Logo-Color-1000x245-1.png","contentUrl":"https:\/\/ateliermodulo.fr\/wp-content\/uploads\/MODULO-Logo-Color-1000x245-1.png","width":1000,"height":245,"caption":"Modulo Decorative Solutions"},"image":{"@id":"https:\/\/ateliermodulo.fr\/ro\/#\/schema\/logo\/image\/"},"sameAs":["https:\/\/www.facebook.com\/modulostones\/"]}]}},"_links":{"self":[{"href":"https:\/\/ateliermodulo.fr\/ro\/wp-json\/wp\/v2\/product\/19097","targetHints":{"allow":["GET"]}}],"collection":[{"href":"https:\/\/ateliermodulo.fr\/ro\/wp-json\/wp\/v2\/product"}],"about":[{"href":"https:\/\/ateliermodulo.fr\/ro\/wp-json\/wp\/v2\/types\/product"}],"wp:featuredmedia":[{"embeddable":true,"href":"https:\/\/ateliermodulo.fr\/ro\/wp-json\/wp\/v2\/media\/19088"}],"wp:attachment":[{"href":"https:\/\/ateliermodulo.fr\/ro\/wp-json\/wp\/v2\/media?parent=19097"}],"wp:term":[{"taxonomy":"product_brand","embeddable":true,"href":"https:\/\/ateliermodulo.fr\/ro\/wp-json\/wp\/v2\/product_brand?post=19097"},{"taxonomy":"product_cat","embeddable":true,"href":"https:\/\/ateliermodulo.fr\/ro\/wp-json\/wp\/v2\/product_cat?post=19097"},{"taxonomy":"product_tag","embeddable":true,"href":"https:\/\/ateliermodulo.fr\/ro\/wp-json\/wp\/v2\/product_tag?post=19097"}],"curies":[{"name":"wp","href":"https:\/\/api.w.org\/{rel}","templated":true}]}}