{"id":21354,"date":"2025-08-06T09:51:12","date_gmt":"2025-08-06T06:51:12","guid":{"rendered":"https:\/\/ateliermodulo.fr\/?post_type=cariere&#038;p=21189"},"modified":"2025-08-06T14:40:55","modified_gmt":"2025-08-06T11:40:55","slug":"operator-productie-06-0825","status":"publish","type":"cariere","link":"https:\/\/ateliermodulo.fr\/ro\/cariere\/operator-productie-06-0825\/","title":{"rendered":"Operator produc\u021bie"},"content":{"rendered":"<div class=\"wpb-content-wrapper\"><p>[vc_row][vc_column][vc_single_image image=&#8221;21359&#8243; img_size=&#8221;full&#8221; alignment=&#8221;center&#8221; css=&#8221;&#8221; css_params=&#8221;&#8221; label=&#8221;&#8221;][\/vc_column][\/vc_row][vc_row][vc_column][vc_column_text css=&#8221;&#8221; css_params=&#8221;&#8221;]<\/p>\n<h1 class=\"jobs-show-main-header__infos-title\" data-v-ef7a9206=\"\">Operator produc\u021bie<\/h1>\n<p>[\/vc_column_text][vc_column_text css=&#8221;&#8221; css_params=&#8221;&#8221;]___________<\/p>\n<p>Angaj\u0103m Operator Produc\u021bie \u2013 nu ai nevoie de experien\u021b\u0103, ci doar de seriozitate \u0219i dorin\u021b\u0103 de munc\u0103!<br \/>\nHai \u00een echipa noastr\u0103![\/vc_column_text][\/vc_column][\/vc_row][vc_row][vc_column width=&#8221;1\/2&#8243;][vc_column_text css=&#8221;&#8221; css_params=&#8221;&#8221;]<span style=\"font-size: 1.2em; font-weight: 600; color: #212120;\">Ce ne dorim de la tine:<\/span><br \/>\n\u2022 S\u0103 \u00een\u021belegi \u0219i s\u0103 urmezi instruc\u021biunile tehnice;<br \/>\n\u2022 S\u0103 fii un coleg de echip\u0103, comunicativ \u0219i de \u00eencredere;<br \/>\n\u2022 S\u0103 ai dorin\u021b\u0103 de \u00eenv\u0103\u021bare \u0219i dezvoltare.<\/p>\n<p>8 ore\/zi, \u00een schimburi (<strong>inclusiv schimb de noapte \u2013 cu spor dedicat<\/strong>);[\/vc_column_text][\/vc_column][vc_column width=&#8221;1\/2&#8243;][vc_column_text css=&#8221;&#8221; css_params=&#8221;&#8221;]<span style=\"font-size: 1.2em; font-weight: 600; color: #212120;\">Descrierea jobului:<\/span><br \/>\n\u2022 Vei \u00eenv\u0103\u021ba pas cu pas cum producem piatra din ciment sau ipsos;<br \/>\n\u2022 Vei turna, decofra \u0219i verifica fiecare produs cu grij\u0103;<br \/>\n\u2022 Vei lucra cu matri\u021be \u0219i amestecuri, al\u0103turi de colegi cu experien\u021b\u0103;<br \/>\n\u2022 Vei contribui la un spa\u021biu de lucru sigur, curat \u0219i efficient.<br \/>\n[\/vc_column_text][\/vc_column][\/vc_row][vc_row][vc_column][vc_column_text css=&#8221;&#8221; css_params=&#8221;&#8221;]<span style=\"font-size: 1.2em; font-weight: 600; color: #212120;\">Ce oferim:<\/span><br \/>\n\u2022 Tichete de mas\u0103 (p\u00e2n\u0103 la 735 lei net)<br \/>\n\u2022 Decontare transport<br \/>\n\u2022 Bonus de performan\u021b\u0103<br \/>\n\u2022 Bonus de func\u021bie suplimentar\u0103<br \/>\n\u2022 Bonus de prezen\u021b\u0103<br \/>\n\u2022 Spor pentru ore suplimentare: 75 % (pl\u0103tit lunar)<br \/>\n\u2022 Spor de noapte: 25 %<br \/>\n\u2022 Tichete cadou pentru prezen\u021ba \u00een weekend<br \/>\n\u2022 Bonusuri de recomandare \u0219i mentorare[\/vc_column_text][vc_column_text css=&#8221;&#8221; css_params=&#8221;&#8221;]<span style=\"font-size: 1.2em; font-weight: 600; color: #212120;\">Loca\u021bie: <\/span><br \/>\nTurda[\/vc_column_text][vc_column_text css=&#8221;&#8221; css_params=&#8221;&#8221;]<span style=\"font-size: 1.2em; font-weight: 600; color: #212120;\">Posturi disponibile: <\/span><strong>nespecificat<\/strong><\/p>\n<p><span class=\"badge bg-secondary\">Anun\u021b dezactivat<\/span> &#8211; <span class=\"badge bg-light text-dark\"> perioada de recrutare: 06 august 2025 - 03 septembrie 2025<\/span>[\/vc_column_text][\/vc_column][\/vc_row][vc_row css=&#8221;.vc_custom_1750160461370{padding-top: 20px !important;padding-bottom: 20px !important;background-color: #e5e5e5 !important;border-radius: 4px !important;}&#8221; conditional_render=&#8221;%5B%7B%22value_role%22%3A%22administrator%22%7D%5D&#8221; css_params=&#8221;&#8221;][vc_column][vc_row_inner][vc_column_inner][vc_column_text css=&#8221;&#8221; css_params=&#8221;&#8221;]<\/p>\n<h3 style=\"text-align: center; color: #777777;\">INTR\u0102 \u00ceN CONTACT CU NOI<\/h3>\n<p>[\/vc_column_text][\/vc_column_inner][\/vc_row_inner][vc_row_inner][vc_column_inner width=&#8221;1\/3&#8243;]<div class=\"porto-sicon-box  wpb_custom_265e75da8c3e4d268042993c7a203490 style_1 top-icon\"><div class=\"porto-sicon-top\"><div class=\"porto-just-icon-wrapper porto-icon none\" style=\"font-size:32px;\"><i class=\"fas fa-phone\"><\/i><\/div><\/div><div class=\"porto-sicon-header\"><h3 class=\"porto-sicon-title\" style=\"\">Telefon<\/h3><\/div> <!-- header --><div class=\"porto-sicon-description\" style=\"\"><a style=\"color: #777777;\" href=\"tel:+40752194399\" target=\"_blank\" rel=\"noopener\">0752194399<\/a><\/div> <!-- description --><\/div><!-- porto-sicon-box -->[\/vc_column_inner][vc_column_inner width=&#8221;1\/3&#8243;]<div class=\"porto-sicon-box  wpb_custom_78ba6f5c3bf09215e2e350a1c893e267 style_1 top-icon\"><div class=\"porto-sicon-top\"><div class=\"porto-just-icon-wrapper porto-icon none\" style=\"font-size:32px;\"><i class=\"fas fa-map-marker-alt\"><\/i><\/div><\/div><div class=\"porto-sicon-header\"><h3 class=\"porto-sicon-title\" style=\"\">Adresa<\/h3><\/div> <!-- header --><div class=\"porto-sicon-description\" style=\"\"><a style=\"color: #777777;\" href=\"https:\/\/maps.app.goo.gl\/KMUTEyJvqSHUrDBC9\" target=\"_blank\" rel=\"noopener\">Strada 22 Decembrie 1989, Nr. 29,<br \/>\nTurda, 401113, Cluj<\/a><\/div> <!-- description --><\/div><!-- porto-sicon-box -->[\/vc_column_inner][vc_column_inner width=&#8221;1\/3&#8243;]<div class=\"porto-sicon-box  wpb_custom_78ba6f5c3bf09215e2e350a1c893e267 style_1 top-icon\"><div class=\"porto-sicon-top\"><div class=\"porto-just-icon-wrapper porto-icon none\" style=\"font-size:32px;\"><i class=\"fas fa-paper-plane\"><\/i><\/div><\/div><div class=\"porto-sicon-header\"><h3 class=\"porto-sicon-title\" style=\"\">E-mail<\/h3><\/div> <!-- header --><div class=\"porto-sicon-description\" style=\"\"><a style=\"color: #777777;\" href=\"mailto:hr@modulo.fr\" target=\"_blank\" rel=\"noopener\">hr@modulo.fr<\/a><\/div> <!-- description --><\/div><!-- porto-sicon-box -->[\/vc_column_inner][\/vc_row_inner][\/vc_column][\/vc_row]<\/p>\n<\/div>","protected":false},"excerpt":{"rendered":"<p>[vc_row][vc_column][vc_single_image image=&#8221;21359&#8243; img_size=&#8221;full&#8221; alignment=&#8221;center&#8221; css=&#8221;&#8221; css_params=&#8221;&#8221; label=&#8221;&#8221;][\/vc_column][\/vc_row][vc_row][vc_column][vc_column_text css=&#8221;&#8221; css_params=&#8221;&#8221;] Operator produc\u021bie [\/vc_column_text][vc_column_text css=&#8221;&#8221; css_params=&#8221;&#8221;]___________ Angaj\u0103m Operator Produc\u021bie \u2013 nu ai nevoie de experien\u021b\u0103, ci doar de seriozitate \u0219i dorin\u021b\u0103 de munc\u0103! Hai \u00een echipa noastr\u0103![\/vc_column_text][\/vc_column][\/vc_row][vc_row][vc_column width=&#8221;1\/2&#8243;][vc_column_text css=&#8221;&#8221; css_params=&#8221;&#8221;]Ce ne dorim de la tine: \u2022 S\u0103 \u00een\u021belegi \u0219i s\u0103 urmezi instruc\u021biunile tehnice; \u2022 S\u0103 fii un [&hellip;]<\/p>\n","protected":false},"featured_media":21362,"template":"","meta":[],"class_list":["post-21354","cariere","type-cariere","status-publish","has-post-thumbnail","hentry"],"yoast_head":"<title>Operator produc\u021bie | AtelierModulo<\/title>\n<meta name=\"description\" content=\"Angaj\u0103m operator produc\u021bie | \u2013 Hai \u00een echipa noastr\u0103 din Turda!\" \/>\n<meta name=\"robots\" content=\"index, follow, max-snippet:-1, max-image-preview:large, max-video-preview:-1\" \/>\n<link rel=\"canonical\" href=\"https:\/\/ateliermodulo.fr\/ro\/cariere\/operator-productie-06-0825\/\" \/>\n<meta property=\"og:locale\" content=\"ro_RO\" \/>\n<meta property=\"og:type\" content=\"article\" \/>\n<meta property=\"og:title\" content=\"Operator produc\u021bie | AtelierModulo\" \/>\n<meta property=\"og:description\" content=\"Angaj\u0103m operator produc\u021bie | \u2013 Hai \u00een echipa noastr\u0103 din Turda!\" \/>\n<meta property=\"og:url\" content=\"https:\/\/ateliermodulo.fr\/ro\/cariere\/operator-productie-06-0825\/\" \/>\n<meta property=\"og:site_name\" content=\"AtelierModulo\" \/>\n<meta property=\"article:publisher\" content=\"https:\/\/www.facebook.com\/modulostones\/\" \/>\n<meta property=\"article:modified_time\" content=\"2025-08-06T11:40:55+00:00\" \/>\n<meta property=\"og:image\" content=\"https:\/\/ateliermodulo.fr\/wp-content\/uploads\/cariere-modulo-250806-productie-600x600-2.jpg\" \/>\n\t<meta property=\"og:image:width\" content=\"600\" \/>\n\t<meta property=\"og:image:height\" content=\"600\" \/>\n\t<meta property=\"og:image:type\" content=\"image\/jpeg\" \/>\n<meta name=\"twitter:card\" content=\"summary_large_image\" \/>\n<meta name=\"twitter:label1\" content=\"Timp estimat pentru citire\" \/>\n\t<meta name=\"twitter:data1\" content=\"2 minute\" \/>","yoast_head_json":{"title":"Operator produc\u021bie | AtelierModulo","description":"Angaj\u0103m operator produc\u021bie | \u2013 Hai \u00een echipa noastr\u0103 din Turda!","robots":{"index":"index","follow":"follow","max-snippet":"max-snippet:-1","max-image-preview":"max-image-preview:large","max-video-preview":"max-video-preview:-1"},"canonical":"https:\/\/ateliermodulo.fr\/ro\/cariere\/operator-productie-06-0825\/","og_locale":"ro_RO","og_type":"article","og_title":"Operator produc\u021bie | AtelierModulo","og_description":"Angaj\u0103m operator produc\u021bie | \u2013 Hai \u00een echipa noastr\u0103 din Turda!","og_url":"https:\/\/ateliermodulo.fr\/ro\/cariere\/operator-productie-06-0825\/","og_site_name":"AtelierModulo","article_publisher":"https:\/\/www.facebook.com\/modulostones\/","article_modified_time":"2025-08-06T11:40:55+00:00","og_image":[{"width":600,"height":600,"url":"https:\/\/ateliermodulo.fr\/wp-content\/uploads\/cariere-modulo-250806-productie-600x600-2.jpg","type":"image\/jpeg"}],"twitter_card":"summary_large_image","twitter_misc":{"Timp estimat pentru citire":"2 minute"},"schema":{"@context":"https:\/\/schema.org","@graph":[{"@type":"WebPage","@id":"https:\/\/ateliermodulo.fr\/ro\/cariere\/operator-productie-06-0825\/","url":"https:\/\/ateliermodulo.fr\/ro\/cariere\/operator-productie-06-0825\/","name":"Operator produc\u021bie | AtelierModulo","isPartOf":{"@id":"https:\/\/ateliermodulo.fr\/ro\/#website"},"primaryImageOfPage":{"@id":"https:\/\/ateliermodulo.fr\/ro\/cariere\/operator-productie-06-0825\/#primaryimage"},"image":{"@id":"https:\/\/ateliermodulo.fr\/ro\/cariere\/operator-productie-06-0825\/#primaryimage"},"thumbnailUrl":"https:\/\/ateliermodulo.fr\/wp-content\/uploads\/cariere-modulo-250806-productie-600x600-2.jpg","datePublished":"2025-08-06T06:51:12+00:00","dateModified":"2025-08-06T11:40:55+00:00","description":"Angaj\u0103m operator produc\u021bie | \u2013 Hai \u00een echipa noastr\u0103 din Turda!","breadcrumb":{"@id":"https:\/\/ateliermodulo.fr\/ro\/cariere\/operator-productie-06-0825\/#breadcrumb"},"inLanguage":"ro-RO","potentialAction":[{"@type":"ReadAction","target":["https:\/\/ateliermodulo.fr\/ro\/cariere\/operator-productie-06-0825\/"]}]},{"@type":"ImageObject","inLanguage":"ro-RO","@id":"https:\/\/ateliermodulo.fr\/ro\/cariere\/operator-productie-06-0825\/#primaryimage","url":"https:\/\/ateliermodulo.fr\/wp-content\/uploads\/cariere-modulo-250806-productie-600x600-2.jpg","contentUrl":"https:\/\/ateliermodulo.fr\/wp-content\/uploads\/cariere-modulo-250806-productie-600x600-2.jpg","width":600,"height":600},{"@type":"BreadcrumbList","@id":"https:\/\/ateliermodulo.fr\/ro\/cariere\/operator-productie-06-0825\/#breadcrumb","itemListElement":[{"@type":"ListItem","position":1,"name":"Home","item":"https:\/\/ateliermodulo.fr\/ro\/"},{"@type":"ListItem","position":2,"name":"Cariere","item":"https:\/\/ateliermodulo.fr\/ro\/cariere\/"},{"@type":"ListItem","position":3,"name":"Operator produc\u021bie"}]},{"@type":"WebSite","@id":"https:\/\/ateliermodulo.fr\/ro\/#website","url":"https:\/\/ateliermodulo.fr\/ro\/","name":"AtelierModulo","description":"Since the 1980\u2019s, frequently copied, never surpassed","publisher":{"@id":"https:\/\/ateliermodulo.fr\/ro\/#organization"},"potentialAction":[{"@type":"SearchAction","target":{"@type":"EntryPoint","urlTemplate":"https:\/\/ateliermodulo.fr\/ro\/?s={search_term_string}"},"query-input":{"@type":"PropertyValueSpecification","valueRequired":true,"valueName":"search_term_string"}}],"inLanguage":"ro-RO"},{"@type":"Organization","@id":"https:\/\/ateliermodulo.fr\/ro\/#organization","name":"Modulo Decorative Solutions","url":"https:\/\/ateliermodulo.fr\/ro\/","logo":{"@type":"ImageObject","inLanguage":"ro-RO","@id":"https:\/\/ateliermodulo.fr\/ro\/#\/schema\/logo\/image\/","url":"https:\/\/ateliermodulo.fr\/wp-content\/uploads\/MODULO-Logo-Color-1000x245-1.png","contentUrl":"https:\/\/ateliermodulo.fr\/wp-content\/uploads\/MODULO-Logo-Color-1000x245-1.png","width":1000,"height":245,"caption":"Modulo Decorative Solutions"},"image":{"@id":"https:\/\/ateliermodulo.fr\/ro\/#\/schema\/logo\/image\/"},"sameAs":["https:\/\/www.facebook.com\/modulostones\/"]}]}},"_links":{"self":[{"href":"https:\/\/ateliermodulo.fr\/ro\/wp-json\/wp\/v2\/cariere\/21354","targetHints":{"allow":["GET"]}}],"collection":[{"href":"https:\/\/ateliermodulo.fr\/ro\/wp-json\/wp\/v2\/cariere"}],"about":[{"href":"https:\/\/ateliermodulo.fr\/ro\/wp-json\/wp\/v2\/types\/cariere"}],"wp:featuredmedia":[{"embeddable":true,"href":"https:\/\/ateliermodulo.fr\/ro\/wp-json\/wp\/v2\/media\/21362"}],"wp:attachment":[{"href":"https:\/\/ateliermodulo.fr\/ro\/wp-json\/wp\/v2\/media?parent=21354"}],"curies":[{"name":"wp","href":"https:\/\/api.w.org\/{rel}","templated":true}]}}