{"id":21235,"date":"2025-06-24T09:15:14","date_gmt":"2025-06-24T06:15:14","guid":{"rendered":"https:\/\/ateliermodulo.fr\/?post_type=cariere&#038;p=21189"},"modified":"2025-07-10T15:20:21","modified_gmt":"2025-07-10T12:20:21","slug":"operator-productie-240625","status":"publish","type":"cariere","link":"https:\/\/ateliermodulo.fr\/ro\/cariere\/operator-productie-240625\/","title":{"rendered":"Operator produc\u021bie"},"content":{"rendered":"<div class=\"wpb-content-wrapper\"><p>[vc_row][vc_column][vc_single_image image=&#8221;21236&#8243; img_size=&#8221;full&#8221; alignment=&#8221;center&#8221; css=&#8221;&#8221; css_params=&#8221;&#8221;][\/vc_column][\/vc_row][vc_row][vc_column][vc_column_text css=&#8221;&#8221; css_params=&#8221;&#8221;]<\/p>\n<h1 class=\"jobs-show-main-header__infos-title\" data-v-ef7a9206=\"\">Operator produc\u021bie<\/h1>\n<p>[\/vc_column_text][vc_column_text css=&#8221;&#8221; css_params=&#8221;&#8221;]___________<\/p>\n<p>Angaj\u0103m Muncitor Productie\/Ambalare \u2013 nu ai nevoie de experien\u021b\u0103, ci doar de seriozitate \u0219i dorin\u021b\u0103 de munc\u0103!<br \/>\nHai \u00een echipa noastr\u0103![\/vc_column_text][\/vc_column][\/vc_row][vc_row][vc_column width=&#8221;1\/2&#8243;][vc_column_text css=&#8221;&#8221; css_params=&#8221;&#8221;]<span style=\"font-size: 1.2em; font-weight: 600; color: #212120;\">Ce ne dorim de la tine:<\/span><br \/>\n\u2022 S\u0103 \u00een\u021belegi \u0219i s\u0103 urmezi instruc\u021biunile tehnice;<br \/>\n\u2022 S\u0103 fii un coleg de echip\u0103, comunicativ \u0219i de \u00eencredere;<br \/>\n\u2022 S\u0103 ai dorin\u021b\u0103 de \u00eenv\u0103\u021bare \u0219i dezvoltare.<\/p>\n<p>8 ore\/zi, \u00een schimburi (<strong>inclusiv schimb de noapte \u2013 cu spor dedicat<\/strong>);[\/vc_column_text][\/vc_column][vc_column width=&#8221;1\/2&#8243;][vc_column_text css=&#8221;&#8221; css_params=&#8221;&#8221;]<span style=\"font-size: 1.2em; font-weight: 600; color: #212120;\">Descrierea jobului:<\/span><br \/>\n\u2022 Vei \u00eenv\u0103\u021ba procesul de turnare, decofrare \u0219i\/sau ambalare (te instruim pas cu pas);<br \/>\n\u2022 Vei a\u0219eza pl\u0103cile \u00een cutii cu grij\u0103 \u0219i precizie;<br \/>\n\u2022 Vei aplica etichete, vei lipi cutiile \u0219i le vei paletiza pentru transport;<br \/>\n\u2022 Vei \u00eenv\u0103\u021ba s\u0103 recuno\u0219ti \u0219i s\u0103 etichetezi corect categoriile de produse.[\/vc_column_text][\/vc_column][\/vc_row][vc_row][vc_column][vc_column_text css=&#8221;&#8221; css_params=&#8221;&#8221;]<span style=\"font-size: 1.2em; font-weight: 600; color: #212120;\">Ce oferim:<\/span><br \/>\n\u2022 Salariu fix + bonusuri de performan\u021b\u0103;<br \/>\n\u2022 Tichete de mas\u0103 \u2013 p\u00e2n\u0103 la 770 lei\/lun\u0103;<br \/>\n\u2022 Decont transport (benzin\u0103 sau abonament \u2013 pentru cei din afara Turzii);<br \/>\n\u2022 Prime de Pa\u0219te \u0219i Cr\u0103ciun, bonusuri pentru diverse evenimente;<br \/>\n\u2022 Tichete cadou pentru op\u021biunea de a lucra \u00een weekend;<br \/>\n\u2022 Spor pentru ore suplimentare platite lunar;<br \/>\n\u2022 Spor de weekend, spor de noapte;<br \/>\n\u2022 Posibilitate real\u0103 de cre\u0219tere profesional\u0103 \u2013 echip\u0103 prietenoas\u0103 \u0219i sus\u021binere constant\u0103.[\/vc_column_text][vc_column_text css=&#8221;&#8221; css_params=&#8221;&#8221;]<span style=\"font-size: 1.2em; font-weight: 600; color: #212120;\">Loca\u021bie: <\/span><br \/>\nTurda[\/vc_column_text][vc_column_text css=&#8221;&#8221; css_params=&#8221;&#8221;]<span style=\"font-size: 1.2em; font-weight: 600; color: #212120;\">Posturi disponibile: <\/span><strong>nespecificat<\/strong><\/p>\n<p><span class=\"badge bg-secondary\">Anun\u021b dezactivat<\/span> &#8211; <span class=\"badge bg-light text-dark\"> perioada de recrutare: 24 iunie 2025 - 24 iulie 2025<\/span>[\/vc_column_text][\/vc_column][\/vc_row][vc_row css=&#8221;.vc_custom_1750160461370{padding-top: 20px !important;padding-bottom: 20px !important;background-color: #e5e5e5 !important;border-radius: 4px !important;}&#8221; conditional_render=&#8221;%5B%7B%22value_role%22%3A%22administrator%22%7D%5D&#8221; css_params=&#8221;&#8221;][vc_column][vc_row_inner][vc_column_inner][vc_column_text css=&#8221;&#8221; css_params=&#8221;&#8221;]<\/p>\n<h3 style=\"text-align: center; color: #777777;\">INTR\u0102 \u00ceN CONTACT CU NOI<\/h3>\n<p>[\/vc_column_text][\/vc_column_inner][\/vc_row_inner][vc_row_inner][vc_column_inner width=&#8221;1\/3&#8243;]<div class=\"porto-sicon-box  wpb_custom_265e75da8c3e4d268042993c7a203490 style_1 top-icon\"><div class=\"porto-sicon-top\"><div class=\"porto-just-icon-wrapper porto-icon none\" style=\"font-size:32px;\"><i class=\"fas fa-phone\"><\/i><\/div><\/div><div class=\"porto-sicon-header\"><h3 class=\"porto-sicon-title\" style=\"\">Telefon<\/h3><\/div> <!-- header --><div class=\"porto-sicon-description\" style=\"\"><a style=\"color: #777777;\" href=\"tel:+40752194399\" target=\"_blank\" rel=\"noopener\">0752194399<\/a><\/div> <!-- description --><\/div><!-- porto-sicon-box -->[\/vc_column_inner][vc_column_inner width=&#8221;1\/3&#8243;]<div class=\"porto-sicon-box  wpb_custom_78ba6f5c3bf09215e2e350a1c893e267 style_1 top-icon\"><div class=\"porto-sicon-top\"><div class=\"porto-just-icon-wrapper porto-icon none\" style=\"font-size:32px;\"><i class=\"fas fa-map-marker-alt\"><\/i><\/div><\/div><div class=\"porto-sicon-header\"><h3 class=\"porto-sicon-title\" style=\"\">Adresa<\/h3><\/div> <!-- header --><div class=\"porto-sicon-description\" style=\"\"><a style=\"color: #777777;\" href=\"https:\/\/maps.app.goo.gl\/KMUTEyJvqSHUrDBC9\" target=\"_blank\" rel=\"noopener\">Strada 22 Decembrie 1989, Nr. 29,<br \/>\nTurda, 401113, Cluj<\/a><\/div> <!-- description --><\/div><!-- porto-sicon-box -->[\/vc_column_inner][vc_column_inner width=&#8221;1\/3&#8243;]<div class=\"porto-sicon-box  wpb_custom_78ba6f5c3bf09215e2e350a1c893e267 style_1 top-icon\"><div class=\"porto-sicon-top\"><div class=\"porto-just-icon-wrapper porto-icon none\" style=\"font-size:32px;\"><i class=\"fas fa-paper-plane\"><\/i><\/div><\/div><div class=\"porto-sicon-header\"><h3 class=\"porto-sicon-title\" style=\"\">E-mail<\/h3><\/div> <!-- header --><div class=\"porto-sicon-description\" style=\"\"><a style=\"color: #777777;\" href=\"mailto:hr@modulo.fr\" target=\"_blank\" rel=\"noopener\">hr@modulo.fr<\/a><\/div> <!-- description --><\/div><!-- porto-sicon-box -->[\/vc_column_inner][\/vc_row_inner][\/vc_column][\/vc_row]<\/p>\n<\/div>","protected":false},"excerpt":{"rendered":"<p>[vc_row][vc_column][vc_single_image image=&#8221;21236&#8243; img_size=&#8221;full&#8221; alignment=&#8221;center&#8221; css=&#8221;&#8221; css_params=&#8221;&#8221;][\/vc_column][\/vc_row][vc_row][vc_column][vc_column_text css=&#8221;&#8221; css_params=&#8221;&#8221;] Operator produc\u021bie [\/vc_column_text][vc_column_text css=&#8221;&#8221; css_params=&#8221;&#8221;]___________ Angaj\u0103m Muncitor Productie\/Ambalare \u2013 nu ai nevoie de experien\u021b\u0103, ci doar de seriozitate \u0219i dorin\u021b\u0103 de munc\u0103! Hai \u00een echipa noastr\u0103![\/vc_column_text][\/vc_column][\/vc_row][vc_row][vc_column width=&#8221;1\/2&#8243;][vc_column_text css=&#8221;&#8221; css_params=&#8221;&#8221;]Ce ne dorim de la tine: \u2022 S\u0103 \u00een\u021belegi \u0219i s\u0103 urmezi instruc\u021biunile tehnice; \u2022 S\u0103 fii un coleg [&hellip;]<\/p>\n","protected":false},"featured_media":21238,"template":"","meta":[],"class_list":["post-21235","cariere","type-cariere","status-publish","has-post-thumbnail","hentry"],"yoast_head":"<title>Operator produc\u021bie | AtelierModulo<\/title>\n<meta name=\"description\" content=\"Angaj\u0103m MALAXORIST | \u2013 Hai \u00een echipa noastr\u0103 din Turda!\" \/>\n<meta name=\"robots\" content=\"index, follow, max-snippet:-1, max-image-preview:large, max-video-preview:-1\" \/>\n<link rel=\"canonical\" href=\"https:\/\/ateliermodulo.fr\/ro\/cariere\/operator-productie-240625\/\" \/>\n<meta property=\"og:locale\" content=\"ro_RO\" \/>\n<meta property=\"og:type\" content=\"article\" \/>\n<meta property=\"og:title\" content=\"Operator produc\u021bie | AtelierModulo\" \/>\n<meta property=\"og:description\" content=\"Angaj\u0103m MALAXORIST | \u2013 Hai \u00een echipa noastr\u0103 din Turda!\" \/>\n<meta property=\"og:url\" content=\"https:\/\/ateliermodulo.fr\/ro\/cariere\/operator-productie-240625\/\" \/>\n<meta property=\"og:site_name\" content=\"AtelierModulo\" \/>\n<meta property=\"article:publisher\" content=\"https:\/\/www.facebook.com\/modulostones\/\" \/>\n<meta property=\"article:modified_time\" content=\"2025-07-10T12:20:21+00:00\" \/>\n<meta property=\"og:image\" content=\"https:\/\/ateliermodulo.fr\/wp-content\/uploads\/cariere-modulo-2506001-operator-productie-600x600-1.jpg\" \/>\n\t<meta property=\"og:image:width\" content=\"600\" \/>\n\t<meta property=\"og:image:height\" content=\"600\" \/>\n\t<meta property=\"og:image:type\" content=\"image\/jpeg\" \/>\n<meta name=\"twitter:card\" content=\"summary_large_image\" \/>\n<meta name=\"twitter:label1\" content=\"Timp estimat pentru citire\" \/>\n\t<meta name=\"twitter:data1\" content=\"2 minute\" \/>","yoast_head_json":{"title":"Operator produc\u021bie | AtelierModulo","description":"Angaj\u0103m MALAXORIST | \u2013 Hai \u00een echipa noastr\u0103 din Turda!","robots":{"index":"index","follow":"follow","max-snippet":"max-snippet:-1","max-image-preview":"max-image-preview:large","max-video-preview":"max-video-preview:-1"},"canonical":"https:\/\/ateliermodulo.fr\/ro\/cariere\/operator-productie-240625\/","og_locale":"ro_RO","og_type":"article","og_title":"Operator produc\u021bie | AtelierModulo","og_description":"Angaj\u0103m MALAXORIST | \u2013 Hai \u00een echipa noastr\u0103 din Turda!","og_url":"https:\/\/ateliermodulo.fr\/ro\/cariere\/operator-productie-240625\/","og_site_name":"AtelierModulo","article_publisher":"https:\/\/www.facebook.com\/modulostones\/","article_modified_time":"2025-07-10T12:20:21+00:00","og_image":[{"width":600,"height":600,"url":"https:\/\/ateliermodulo.fr\/wp-content\/uploads\/cariere-modulo-2506001-operator-productie-600x600-1.jpg","type":"image\/jpeg"}],"twitter_card":"summary_large_image","twitter_misc":{"Timp estimat pentru citire":"2 minute"},"schema":{"@context":"https:\/\/schema.org","@graph":[{"@type":"WebPage","@id":"https:\/\/ateliermodulo.fr\/ro\/cariere\/operator-productie-240625\/","url":"https:\/\/ateliermodulo.fr\/ro\/cariere\/operator-productie-240625\/","name":"Operator produc\u021bie | AtelierModulo","isPartOf":{"@id":"https:\/\/ateliermodulo.fr\/ro\/#website"},"primaryImageOfPage":{"@id":"https:\/\/ateliermodulo.fr\/ro\/cariere\/operator-productie-240625\/#primaryimage"},"image":{"@id":"https:\/\/ateliermodulo.fr\/ro\/cariere\/operator-productie-240625\/#primaryimage"},"thumbnailUrl":"https:\/\/ateliermodulo.fr\/wp-content\/uploads\/cariere-modulo-2506001-operator-productie-600x600-1.jpg","datePublished":"2025-06-24T06:15:14+00:00","dateModified":"2025-07-10T12:20:21+00:00","description":"Angaj\u0103m MALAXORIST | \u2013 Hai \u00een echipa noastr\u0103 din Turda!","breadcrumb":{"@id":"https:\/\/ateliermodulo.fr\/ro\/cariere\/operator-productie-240625\/#breadcrumb"},"inLanguage":"ro-RO","potentialAction":[{"@type":"ReadAction","target":["https:\/\/ateliermodulo.fr\/ro\/cariere\/operator-productie-240625\/"]}]},{"@type":"ImageObject","inLanguage":"ro-RO","@id":"https:\/\/ateliermodulo.fr\/ro\/cariere\/operator-productie-240625\/#primaryimage","url":"https:\/\/ateliermodulo.fr\/wp-content\/uploads\/cariere-modulo-2506001-operator-productie-600x600-1.jpg","contentUrl":"https:\/\/ateliermodulo.fr\/wp-content\/uploads\/cariere-modulo-2506001-operator-productie-600x600-1.jpg","width":600,"height":600},{"@type":"BreadcrumbList","@id":"https:\/\/ateliermodulo.fr\/ro\/cariere\/operator-productie-240625\/#breadcrumb","itemListElement":[{"@type":"ListItem","position":1,"name":"Home","item":"https:\/\/ateliermodulo.fr\/ro\/"},{"@type":"ListItem","position":2,"name":"Cariere","item":"https:\/\/ateliermodulo.fr\/ro\/cariere\/"},{"@type":"ListItem","position":3,"name":"Operator produc\u021bie"}]},{"@type":"WebSite","@id":"https:\/\/ateliermodulo.fr\/ro\/#website","url":"https:\/\/ateliermodulo.fr\/ro\/","name":"AtelierModulo","description":"Since the 1980\u2019s, frequently copied, never surpassed","publisher":{"@id":"https:\/\/ateliermodulo.fr\/ro\/#organization"},"potentialAction":[{"@type":"SearchAction","target":{"@type":"EntryPoint","urlTemplate":"https:\/\/ateliermodulo.fr\/ro\/?s={search_term_string}"},"query-input":{"@type":"PropertyValueSpecification","valueRequired":true,"valueName":"search_term_string"}}],"inLanguage":"ro-RO"},{"@type":"Organization","@id":"https:\/\/ateliermodulo.fr\/ro\/#organization","name":"Modulo Decorative Solutions","url":"https:\/\/ateliermodulo.fr\/ro\/","logo":{"@type":"ImageObject","inLanguage":"ro-RO","@id":"https:\/\/ateliermodulo.fr\/ro\/#\/schema\/logo\/image\/","url":"https:\/\/ateliermodulo.fr\/wp-content\/uploads\/MODULO-Logo-Color-1000x245-1.png","contentUrl":"https:\/\/ateliermodulo.fr\/wp-content\/uploads\/MODULO-Logo-Color-1000x245-1.png","width":1000,"height":245,"caption":"Modulo Decorative Solutions"},"image":{"@id":"https:\/\/ateliermodulo.fr\/ro\/#\/schema\/logo\/image\/"},"sameAs":["https:\/\/www.facebook.com\/modulostones\/"]}]}},"_links":{"self":[{"href":"https:\/\/ateliermodulo.fr\/ro\/wp-json\/wp\/v2\/cariere\/21235","targetHints":{"allow":["GET"]}}],"collection":[{"href":"https:\/\/ateliermodulo.fr\/ro\/wp-json\/wp\/v2\/cariere"}],"about":[{"href":"https:\/\/ateliermodulo.fr\/ro\/wp-json\/wp\/v2\/types\/cariere"}],"wp:featuredmedia":[{"embeddable":true,"href":"https:\/\/ateliermodulo.fr\/ro\/wp-json\/wp\/v2\/media\/21238"}],"wp:attachment":[{"href":"https:\/\/ateliermodulo.fr\/ro\/wp-json\/wp\/v2\/media?parent=21235"}],"curies":[{"name":"wp","href":"https:\/\/api.w.org\/{rel}","templated":true}]}}